{"id":29110,"date":"2025-12-25T17:06:09","date_gmt":"2025-12-25T17:06:09","guid":{"rendered":"https:\/\/www.infinitri.be\/?post_type=product&#038;p=29110"},"modified":"2026-04-04T17:32:48","modified_gmt":"2026-04-04T16:32:48","slug":"compressport-bandeau","status":"publish","type":"product","link":"https:\/\/www.infinitri.be\/es\/producto\/compressport-bandeau\/","title":{"rendered":"Compressport \u2013 cinta para la cabeza"},"content":{"rendered":"<p><!--themify_builder_static--><\/p>\n<h1 style=\"text-align: center\">Descripci\u00f3n \u2699<\/h1>\n<p style=\"text-align: left\">Le bandeau mince On\/Off int\u00e8gre une technologie de ventilation optimale dans un bandeau de course \u00e9troit et \u00e9l\u00e9gant. Plus fin que le mod\u00e8le classique, le bandeau noir offre un look contemporain et \u00e9l\u00e9gant. Son tissu extensible et sans coutures est con\u00e7u pour une thermor\u00e9gulation et un confort ultra efficaces pendant l&#8217;entra\u00eenement et la course gr\u00e2ce \u00e0 des a\u00e9rations int\u00e9gr\u00e9es. La technologie on\/off offre une ventilation int\u00e9grale pour assurer l&#8217;\u00e9vacuation rapide de la sueur. Le mat\u00e9riau est hydrophobe et s\u00e8che jusqu&#8217;\u00e0 7 fois plus vite que les bandeaux traditionnels pour que votre t\u00eate reste fra\u00eeche dans des conditions chaudes.<\/p>\n<p><img fetchpriority=\"high\" decoding=\"async\" src=\"https:\/\/infinitri.be\/wp-content\/uploads\/2023\/02\/trail-running-headband-1-545x545.jpg\" width=\"545\" height=\"545\" title=\"trail-running-headband (1)\" alt=\"trail-running-headband (1)\" \/><\/p>\n<h1>Especificaciones t\u00e9cnicas<\/h1>\n<p>Thermor\u00e9gulation maximale gr\u00e2ce \u00e0 la microfibre perfor\u00e9e, qui \u00e9vacue rapidement la sueur et l&#8217;humidit\u00e9 pour que votre t\u00eate reste s\u00e8che et fra\u00eeche.<br \/>Coupe confortable et ergonomique gr\u00e2ce aux fibres souples et ultra-extensibles qui s&#8217;adaptent parfaitement \u00e0 toutes les formes de t\u00eate.<br \/>Tissu en microfibre exceptionnellement l\u00e9ger que vous ne sentirez presque pas porter<br \/>\n    <em style=\"color:#000000\"><\/em> <\/p>\n<p style=\"text-align: left\">LIGEREZA \u2605\u2605\u2605<\/p>\n<p>    <em style=\"color:#000000\"><\/em> <\/p>\n<p>TERMORREGULACI\u00d3N \u2605\u2605\u2605<\/p>\n<h1 style=\"text-align: center\">Material \ud83d\udc56<\/h1>\n<p>91% Polyamide, 8% Elastane, 1% Polypropyl\u00e8ne<\/p>\n<p><img decoding=\"async\" src=\"https:\/\/www.compressport.com\/inter\/img\/prods_entretien.png\" \/><\/p>\n<p><img decoding=\"async\" src=\"https:\/\/infinitri.be\/wp-content\/uploads\/2023\/02\/headband-on-off-persian-red-1-545x545.jpg\" width=\"545\" height=\"545\" title=\"headband-on-off-persian-red (1)\" alt=\"headband-on-off-persian-red (1)\" \/><br \/>\n<img decoding=\"async\" src=\"https:\/\/infinitri.be\/wp-content\/uploads\/2023\/02\/headband-on-off-light-blue-545x545.jpg\" width=\"545\" height=\"545\" title=\"headband-on-off-light-blue\" alt=\"headband-on-off-light-blue\" \/><\/p>\n<h1 style=\"text-align: center\">M\u00e1s info\ud83d\udca1<\/h1>\n<p>Les fibres ultra-douces et extensibles \u00e9pousent les contours de votre t\u00eate et de vos oreilles sans cr\u00e9er de points de pression inconfortables. Les yeux et le front sont pr\u00e9serv\u00e9s de la sueur et des cheveux indisciplin\u00e9s. Le bandeau peut \u00e9galement \u00eatre port\u00e9 sous une cagoule ou un casque sans risque de frottement ou d&#8217;irritation. Hauteur du produit : 7,5 cm<\/p>\n<section><\/section>\n<p><!--\/themify_builder_static--><\/p>","protected":false},"excerpt":{"rendered":"<p>Bandeau \u00e9troit et ultra l\u00e9ger en microfibre noire pour une \u00e9vacuation optimale de la transpiration en cas de forte chaleur. Hauteur du produit : 7,5 cm<\/p>","protected":false},"featured_media":29179,"comment_status":"open","ping_status":"closed","template":"","meta":[],"product_brand":[329],"product_cat":[40,156,16,59],"product_tag":[],"class_list":{"0":"post-29110","1":"product","2":"type-product","3":"status-publish","4":"has-post-thumbnail","6":"product_brand-compressport","7":"product_cat-accessoires","8":"product_cat-casquettes-visieres-headband","9":"product_cat-course","10":"product_cat-triathlon","11":"zank_product_brands-compressport","12":"nt-post-class","13":"","19":"first","20":"instock","21":"taxable","22":"shipping-taxable","23":"purchasable","24":"product-type-variable"},"_links":{"self":[{"href":"https:\/\/www.infinitri.be\/es\/wp-json\/wp\/v2\/product\/29110","targetHints":{"allow":["GET"]}}],"collection":[{"href":"https:\/\/www.infinitri.be\/es\/wp-json\/wp\/v2\/product"}],"about":[{"href":"https:\/\/www.infinitri.be\/es\/wp-json\/wp\/v2\/types\/product"}],"replies":[{"embeddable":true,"href":"https:\/\/www.infinitri.be\/es\/wp-json\/wp\/v2\/comments?post=29110"}],"wp:featuredmedia":[{"embeddable":true,"href":"https:\/\/www.infinitri.be\/es\/wp-json\/wp\/v2\/media\/29179"}],"wp:attachment":[{"href":"https:\/\/www.infinitri.be\/es\/wp-json\/wp\/v2\/media?parent=29110"}],"wp:term":[{"taxonomy":"product_brand","embeddable":true,"href":"https:\/\/www.infinitri.be\/es\/wp-json\/wp\/v2\/product_brand?post=29110"},{"taxonomy":"product_cat","embeddable":true,"href":"https:\/\/www.infinitri.be\/es\/wp-json\/wp\/v2\/product_cat?post=29110"},{"taxonomy":"product_tag","embeddable":true,"href":"https:\/\/www.infinitri.be\/es\/wp-json\/wp\/v2\/product_tag?post=29110"}],"curies":[{"name":"wp","href":"https:\/\/api.w.org\/{rel}","templated":true}]}}