{"id":29454,"date":"2025-12-25T17:18:43","date_gmt":"2025-12-25T17:18:43","guid":{"rendered":"https:\/\/www.infinitri.be\/?post_type=product&#038;p=29454"},"modified":"2026-04-04T17:35:07","modified_gmt":"2026-04-04T16:35:07","slug":"huub-eternal-veste-thermique-hiver-homme","status":"publish","type":"product","link":"https:\/\/www.infinitri.be\/es\/producto\/huub-eternal-veste-thermique-hiver-homme\/","title":{"rendered":"Huub ETERNAL Chaqueta t\u00e9rmica de invierno \u2013 Hombre"},"content":{"rendered":"<p><!--themify_builder_static--><\/p>\n<h1 style=\"text-align: center\">Descripci\u00f3n \u2699<\/h1>\n<p style=\"text-align: left\">Dise\u00f1o sencillo y elegante digno de la gama Strada. Las cremalleras delanteras controlan la ventilaci\u00f3n. Tres bolsillos traseros y un bolsillo lateral con cremallera mantienen el orden, con detalles reflectantes para mejorar la visibilidad en las salidas invernales.<\/p>\n<p><img fetchpriority=\"high\" decoding=\"async\" src=\"https:\/\/infinitri.be\/wp-content\/uploads\/2023\/04\/STRADALSPACK01-15-840x1024-545x545.webp\" width=\"545\" height=\"545\" title=\"STRADALSPACK01-15\" alt=\"STRADALSPACK01-15\" \/><\/p>\n<h1>Especificaciones t\u00e9cnicas<\/h1>\n<p>- Totalmente cortaviento.<br \/>\n- Solapa estanca en la parte trasera.<br \/>\n- Aberturas delanteras con cremallera.<br \/>\n- Tejido impermeable y muy transpirable.<br \/>\n- Ajuste ce\u00f1ido para mayor comodidad.<br \/>\n- Tres bolsillos traseros reflectantes<br \/>\n- Temperatura recomendada: -2\u00b0 a 13\u00b0C.<\/p>\n<p>    <em style=\"color:#000000\"><\/em>PROTECCI\u00d3N CONTRA EL VIENTO<\/p>\n<p>    <em style=\"color:#000000\"><\/em>PROTECCI\u00d3N CONTRA EL AGUA<\/p>\n<p>    <em style=\"color:#000000\"><\/em>PARA USO DE -2 a 13\u00b0C<\/p>\n<p>    <em style=\"color:#000000\"><\/em>TRES BOLSILLOS TRASEROS<\/p>\n<h1 style=\"text-align: center\">\u00bfCu\u00e1l es mi talla?<\/h1>\n<p><img decoding=\"async\" src=\"https:\/\/infinitri.be\/wp-content\/uploads\/2023\/04\/strade-jacket-size.png\" title=\"chaqueta strade talla\" alt=\"strade jacket size\" \/><br \/>\n<img decoding=\"async\" src=\"https:\/\/infinitri.be\/wp-content\/uploads\/2023\/04\/ambiance-huub-1024x725-545x545.png\" width=\"545\" height=\"545\" title=\"atm\u00f3sfera huub\" alt=\"ambiance huub\" \/><!--\/themify_builder_static--><\/p>","protected":false},"excerpt":{"rendered":"<p>La chaqueta HUUB Peaks combina la libertad de un maillot con la protecci\u00f3n que esperas de una chaqueta de invierno dise\u00f1ada para los d\u00edas m\u00e1s fr\u00edos sobre la moto. Se utiliza un tejido resistente al agua, totalmente cortaviento y transpirable para garantizar la comodidad durante todo el d\u00eda en las condiciones m\u00e1s fr\u00edas.<\/p>","protected":false},"featured_media":29517,"comment_status":"open","ping_status":"closed","template":"","meta":[],"product_brand":[286],"product_cat":[37,15,141,38],"product_tag":[],"class_list":{"0":"post-29454","1":"product","2":"type-product","3":"status-publish","4":"has-post-thumbnail","6":"product_brand-huub","7":"product_cat-cyclisme","8":"product_cat-non-classe","9":"product_cat-outlet","10":"product_cat-vestes-et-coupe-vent","11":"zank_product_brands-huub","12":"nt-post-class","13":"","19":"first","20":"instock","21":"sale","22":"taxable","23":"shipping-taxable","24":"purchasable","25":"product-type-variable"},"_links":{"self":[{"href":"https:\/\/www.infinitri.be\/es\/wp-json\/wp\/v2\/product\/29454","targetHints":{"allow":["GET"]}}],"collection":[{"href":"https:\/\/www.infinitri.be\/es\/wp-json\/wp\/v2\/product"}],"about":[{"href":"https:\/\/www.infinitri.be\/es\/wp-json\/wp\/v2\/types\/product"}],"replies":[{"embeddable":true,"href":"https:\/\/www.infinitri.be\/es\/wp-json\/wp\/v2\/comments?post=29454"}],"wp:featuredmedia":[{"embeddable":true,"href":"https:\/\/www.infinitri.be\/es\/wp-json\/wp\/v2\/media\/29517"}],"wp:attachment":[{"href":"https:\/\/www.infinitri.be\/es\/wp-json\/wp\/v2\/media?parent=29454"}],"wp:term":[{"taxonomy":"product_brand","embeddable":true,"href":"https:\/\/www.infinitri.be\/es\/wp-json\/wp\/v2\/product_brand?post=29454"},{"taxonomy":"product_cat","embeddable":true,"href":"https:\/\/www.infinitri.be\/es\/wp-json\/wp\/v2\/product_cat?post=29454"},{"taxonomy":"product_tag","embeddable":true,"href":"https:\/\/www.infinitri.be\/es\/wp-json\/wp\/v2\/product_tag?post=29454"}],"curies":[{"name":"wp","href":"https:\/\/api.w.org\/{rel}","templated":true}]}}