{"id":28351,"date":"2025-12-25T16:45:06","date_gmt":"2025-12-25T16:45:06","guid":{"rendered":"https:\/\/www.infinitri.be\/?post_type=product&#038;p=28351"},"modified":"2026-04-04T17:34:10","modified_gmt":"2026-04-04T16:34:10","slug":"fusion-s1-run-jacket-homme","status":"publish","type":"product","link":"https:\/\/www.infinitri.be\/pt\/produto\/fusion-s1-run-jacket-homme\/","title":{"rendered":"Casaco Fusion S1 Run para homem"},"content":{"rendered":"<p><!--themify_builder_static--><\/p>\n<h1 style=\"text-align: center\">Descri\u00e7\u00e3o \u2699<\/h1>\n<p style=\"text-align: left\">La MEN&#8217;S S1 RUN JACKET a \u00e9t\u00e9 con\u00e7ue pour \u00eatre utilis\u00e9e le plus longtemps possible dans le climat de l&#8217;Europe du Nord. Ni trop chaud, ni trop froid, mais juste assez protectrice pour que vous puissiez ajuster vous-m\u00eame l&#8217;isolation gr\u00e2ce aux couches que vous choisissez de porter en dessous.<\/p>\n<p style=\"text-align: left\">Cette veste mod\u00e9r\u00e9ment ajust\u00e9e est dot\u00e9e d&#8217;une fermeture \u00e0 glissi\u00e8re invers\u00e9e YKK de 4 mm \u00e0 usage intensif avec dos coupe-vent et d&#8217;une poche frontale \u00e0 fermeture \u00e0 glissi\u00e8re avec dos \u00e9lastique qui s&#8217;adapte au contenu de votre poche, comme votre t\u00e9l\u00e9phone et vos cartes.<\/p>\n<p style=\"text-align: left\">Des reflets 3M discrets mais efficaces sur le col, le dos et les bras assurent une visibilit\u00e9 \u00e0 360 degr\u00e9s dans l&#8217;obscurit\u00e9.<\/p>\n<p style=\"text-align: left\">Recommand\u00e9 pour la course \u00e0 pied &#8211; Coupe moyenne<\/p>\n<p><img fetchpriority=\"high\" decoding=\"async\" title=\"Mens-S1-run-jacket_0018_Black_4f_v3-4827970_750x\" src=\"https:\/\/infinitri.be\/wp-content\/uploads\/2023\/02\/Mens-S1-run-jacket_0018_Black_4f_v3-4827970_750x-545x545.webp\" alt=\"Mens-S1-run-jacket_0018_Black_4f_v3-4827970_750x\" width=\"545\" height=\"545\" \/><\/p>\n<h1>Especifica\u00e7\u00f5es t\u00e9cnicas<\/h1>\n<ul>\n<li>A utiliser avec tout produit Fusion \u00e0 manches longues pour une protection suppl\u00e9mentaire par mauvais temps<\/li>\n<li>Detalhes reflectores na frente e atr\u00e1s dos ombros e na parte inferior das costas<\/li>\n<li>Poche poitrine pour t\u00e9l\u00e9phone et cl\u00e9s<\/li>\n<li>Doublure de col douce et respirante pour plus de confort<\/li>\n<li>Tissu coupe-vent et d\u00e9perlant, produit au Royaume-Uni.<\/li>\n<li>Fabricado na Europa na f\u00e1brica FUSION.<\/li>\n<li>Produit certifi\u00e9 STANDARD 100 par OEKO-TEX\u00ae. Cela signifie que tous les composants, tels que les tissus, les fils, les transferts, les fermetures \u00e9clair, les \u00e9lastiques, les \u00e9tiquettes, etc., sont test\u00e9s et approuv\u00e9s conform\u00e9ment \u00e0 la norme et ne contiennent donc pas de substances nocives<\/li>\n<\/ul>\n<p>PROTEC\u00c7\u00c3O CONTRA O VENTO \u2605\u2605\u2605\u2605\u2605<\/p>\n<p>PROTEC\u00c7\u00c3O CONTRA A CHUVA \u2605\u2605\u2605\u2605\u2605<\/p>\n<p>&nbsp;<\/p>\n<p style=\"text-align: center\">LEVEZA \u2605\u2605\u2605\u2605<\/p>\n<p>COUPE AJUST\u00c9E \u2605\u2605<\/p>\n<p>N\u00cdVEL DE COMPRESS\u00c3O \u2605<\/p>\n<h1 style=\"text-align: center\">Material \ud83d\udc56<\/h1>\n<p style=\"text-align: left\">Frente: poli\u00e9ster 81%, elastano 19%. Membrana: 100% poli\u00e9ster<\/p>\n<p style=\"text-align: left\">Costas: 77 % poliamida, 23 % elastano.<\/p>\n<p style=\"text-align: left\">Utiliza\u00e7\u00e3o de 5\u00b0C a 5\u00b0C<\/p>\n<p><img decoding=\"async\" title=\"Mens-S1-run-jacket_0018_Black_7f_v2-3870721_750x\" src=\"https:\/\/infinitri.be\/wp-content\/uploads\/2023\/02\/Mens-S1-run-jacket_0018_Black_7f_v2-3870721_750x-545x545.webp\" alt=\"Mens-S1-run-jacket_0018_Black_7f_v2-3870721_750x\" width=\"545\" height=\"545\" \/><br \/>\n<img decoding=\"async\" title=\"Mens-S1-run-jacket_0018_Black_6d_v1-4827968_750x\" src=\"https:\/\/infinitri.be\/wp-content\/uploads\/2023\/02\/Mens-S1-run-jacket_0018_Black_6d_v1-4827968_750x-545x545.webp\" alt=\"Mens-S1-run-jacket_0018_Black_6d_v1-4827968_750x\" width=\"545\" height=\"545\" \/><\/p>\n<h1 style=\"text-align: center\">Dicas de manuten\u00e7\u00e3o \ud83d\udca1<\/h1>\n<p>Lave-o antes de usar pela primeira vez. Se adicionar um pouco de vinagre na primeira lavagem, a cor permanecer\u00e1 mais clara e durar\u00e1 mais tempo.<\/p>\n<p>Lave a sua roupa desportiva a uma temperatura m\u00e1xima de 40 \u00b0C. N\u00e3o utilize detergente nem alvejante.<\/p>\n<p>A utiliza\u00e7\u00e3o de detergente limitar\u00e1 o transporte da humidade do produto.<\/p>\n<p>Seque a sua roupa desportiva FUSION ao ar livre. N\u00e3o a coloque na m\u00e1quina de secar roupa.<\/p>\n<p>Tenha cuidado com objetos pontiagudos, bordas e tiras de velcro de mochilas, cintos e outros itens que possam esfregar contra o tecido e as costuras da sua roupa. Isso pode rasgar o tecido e as costuras da sua roupa desportiva FUSION.<\/p>\n<h1 style=\"text-align: center\">Qual \u00e9 o meu tamanho?<\/h1>\n<p><img decoding=\"async\" title=\"s1-run-jacket-homme-size\" src=\"https:\/\/infinitri.be\/wp-content\/uploads\/2023\/02\/s1-run-jacket-homme-size.png\" alt=\"s1-run-jacket-homme-size\" \/><br \/>\n<img loading=\"lazy\" decoding=\"async\" title=\"fus\u00e3o-logotipo-expandido\" src=\"https:\/\/infinitri.be\/wp-content\/uploads\/2023\/01\/fusion-logo-expanded.svg\" alt=\"fusion-logo-expanded\" width=\"545\" height=\"545\" \/><!--\/themify_builder_static--><\/p>","protected":false},"excerpt":{"rendered":"<p>Casaco \u00e0 prova de vento e repelente de \u00e1gua para uma prote\u00e7\u00e3o extra nas corridas com mau tempo. Casaco de corrida cl\u00e1ssico com pain\u00e9is de ventila\u00e7\u00e3o eficazes.<\/p>","protected":false},"featured_media":264,"comment_status":"open","ping_status":"closed","template":"","meta":[],"product_brand":[331],"product_cat":[16,29],"product_tag":[],"class_list":{"0":"post-28351","1":"product","2":"type-product","3":"status-publish","4":"has-post-thumbnail","6":"product_brand-fusion","7":"product_cat-course","8":"product_cat-vestes-et-t-shirts","9":"zank_product_brands-fusion","10":"nt-post-class","11":"","17":"first","18":"instock","19":"taxable","20":"shipping-taxable","21":"purchasable","22":"product-type-variable"},"_links":{"self":[{"href":"https:\/\/www.infinitri.be\/pt\/wp-json\/wp\/v2\/product\/28351","targetHints":{"allow":["GET"]}}],"collection":[{"href":"https:\/\/www.infinitri.be\/pt\/wp-json\/wp\/v2\/product"}],"about":[{"href":"https:\/\/www.infinitri.be\/pt\/wp-json\/wp\/v2\/types\/product"}],"replies":[{"embeddable":true,"href":"https:\/\/www.infinitri.be\/pt\/wp-json\/wp\/v2\/comments?post=28351"}],"wp:featuredmedia":[{"embeddable":true,"href":"https:\/\/www.infinitri.be\/pt\/wp-json\/wp\/v2\/media\/264"}],"wp:attachment":[{"href":"https:\/\/www.infinitri.be\/pt\/wp-json\/wp\/v2\/media?parent=28351"}],"wp:term":[{"taxonomy":"product_brand","embeddable":true,"href":"https:\/\/www.infinitri.be\/pt\/wp-json\/wp\/v2\/product_brand?post=28351"},{"taxonomy":"product_cat","embeddable":true,"href":"https:\/\/www.infinitri.be\/pt\/wp-json\/wp\/v2\/product_cat?post=28351"},{"taxonomy":"product_tag","embeddable":true,"href":"https:\/\/www.infinitri.be\/pt\/wp-json\/wp\/v2\/product_tag?post=28351"}],"curies":[{"name":"wp","href":"https:\/\/api.w.org\/{rel}","templated":true}]}}