{"id":28401,"date":"2025-12-25T16:45:12","date_gmt":"2025-12-25T16:45:12","guid":{"rendered":"https:\/\/www.infinitri.be\/?post_type=product&#038;p=28401"},"modified":"2026-04-04T17:34:02","modified_gmt":"2026-04-04T16:34:02","slug":"fusion-s3-cycling-jacket-unisexe","status":"publish","type":"product","link":"https:\/\/www.infinitri.be\/pt\/produto\/fusion-s3-cycling-jacket-unisexe\/","title":{"rendered":"Casaco de ciclismo Fusion S3 Unissexo"},"content":{"rendered":"<p><!--themify_builder_static--><\/p>\n<h1 style=\"text-align: center;\">Descri\u00e7\u00e3o \u2699<\/h1>\n<p style=\"text-align: left;\">O casaco S3 CYCLING JACKET \u00e9 fabricado a partir de um laminado de 3 camadas altamente el\u00e1stico que \u00e9 simultaneamente altamente isolante e repelente \u00e0 \u00e1gua, e oferece um ajuste confort\u00e1vel para uma vasta gama de tipos de corpo. Assim, seja qual for o tempo de inverno, este casaco superconfort\u00e1vel mant\u00ea-lo-\u00e1 quente e seco, com apenas um C3 Merino LS como camada de base.<\/p>\n<p style=\"text-align: left;\">Um comprimento extra na parte de tr\u00e1s protege contra a \u00e1gua proveniente da roda traseira quando se conduz sem guarda-lamas. O casaco tem um fecho de correr \u00e0 frente e bolsos traseiros funcionais. Alta visibilidade gra\u00e7as \u00e0 fun\u00e7\u00e3o de reflexo virado para a retaguarda e \u00e0 fun\u00e7\u00e3o reflectora de 360 graus. O ajuste \u00e9 m\u00e9dio e confort\u00e1vel.<\/p>\n<p style=\"text-align: left;\">Recomendado para o treino de ciclismo.<\/p>\n<p><img fetchpriority=\"high\" decoding=\"async\" src=\"https:\/\/infinitri.be\/wp-content\/uploads\/2023\/02\/S3-Cycling-Jacket_0039_Black_6f_v3-4827358_750x-545x545.webp\" width=\"545\" height=\"545\" title=\"S3-Cycling-Jacket_0039_Black_6f_v3-4827358_750x\" alt=\"S3-Cycling-Jacket_0039_Black_6f_v3-4827358_750x\" srcset=\"https:\/\/infinitri.be\/wp-content\/uploads\/2023\/02\/S3-Cycling-Jacket_0039_Black_6f_v3-4827358_750x-545x545.webp 545w, https:\/\/infinitri.be\/wp-content\/uploads\/2023\/02\/S3-Cycling-Jacket_0039_Black_6f_v3-4827358_750x-300x300.webp 300w, https:\/\/infinitri.be\/wp-content\/uploads\/2023\/02\/S3-Cycling-Jacket_0039_Black_6f_v3-4827358_750x-100x100.webp 100w, https:\/\/infinitri.be\/wp-content\/uploads\/2023\/02\/S3-Cycling-Jacket_0039_Black_6f_v3-4827358_750x-2x3.webp 2w, https:\/\/infinitri.be\/wp-content\/uploads\/2023\/02\/S3-Cycling-Jacket_0039_Black_6f_v3-4827358_750x-150x150.webp 150w\" sizes=\"(max-width: 545px) 100vw, 545px\" \/><\/p>\n<h1>Especifica\u00e7\u00f5es t\u00e9cnicas<\/h1>\n<ul>\n<li>O tecido S3 altamente el\u00e1stico garante um ajuste confort\u00e1vel e apertado para a maioria dos tipos de corpo. Fabricado em It\u00e1lia<\/li>\n<li>Uma respirabilidade excecional garante um maior conforto numa vasta gama de temperaturas.<\/li>\n<li>Um grande log\u00f3tipo refletor virado para a retaguarda assegura a visibilidade do tr\u00e1fego em sentido contr\u00e1rio e oferece prote\u00e7\u00e3o contra salpicos.<\/li>\n<li>Visibilidade reflectora de 360 graus em condi\u00e7\u00f5es de fraca luminosidade<\/li>\n<li>Produtos unissexo<\/li>\n<li>Fabricado na Europa na f\u00e1brica FUSION.<\/li>\n<li>Produto certificado STANDARD 100 pela OEKO-TEX\u00ae. Isso significa que todos os componentes, tais como tecidos, fios, transfer\u00eancias, fechos, el\u00e1sticos, etiquetas, etc., s\u00e3o testados e aprovados de acordo com a norma e, portanto, n\u00e3o cont\u00eam subst\u00e2ncias nocivas.<\/li>\n<\/ul>\n<p><svg> <circle r=\"calc(50% - 1.50px)\" cx=\"50%\" cy=\"50%\" stroke-width=\"3\"\/> <circle r=\"calc(50% - 1.50px)\" cx=\"50%\" cy=\"50%\" stroke=\"#000000\" stroke-width=\"3\" data-progress=\"100\" stroke-dasharray=\"0,10000\"\/> <\/svg> <em style=\"color:#000000\"><svg aria-hidden=\"true\"><use href=\"#tf-fas-wind\"><\/use><\/svg><\/em> <\/p>\n<p>PROTEC\u00c7\u00c3O CONTRA O VENTO \u2605\u2605\u2605\u2605\u2605<\/p>\n<p><svg> <circle r=\"calc(50% - 1.50px)\" cx=\"50%\" cy=\"50%\" stroke-width=\"3\"\/> <circle r=\"calc(50% - 1.50px)\" cx=\"50%\" cy=\"50%\" stroke=\"#000000\" stroke-width=\"3\" data-progress=\"100\" stroke-dasharray=\"0,10000\"\/> <\/svg> <em style=\"color:#000000\"><svg aria-hidden=\"true\"><use href=\"#tf-fas-water\"><\/use><\/svg><\/em> <\/p>\n<p>PROTEC\u00c7\u00c3O CONTRA A CHUVA \u2605\u2605\u2605\u2605\u2605<\/p>\n<p><svg> <circle r=\"calc(50% - 1.50px)\" cx=\"50%\" cy=\"50%\" stroke-width=\"3\"\/> <circle r=\"calc(50% - 1.50px)\" cx=\"50%\" cy=\"50%\" stroke=\"#000000\" stroke-width=\"3\" data-progress=\"100\" stroke-dasharray=\"0,10000\"\/> <\/svg> <em style=\"color:#000000\"><svg aria-hidden=\"true\"><use href=\"#tf-fas-running\"><\/use><\/svg><\/em> <\/p>\n<p style=\"text-align: center;\">LUZ \u2605\u2605\u2605\u2605<\/p>\n<p><svg> <circle r=\"calc(50% - 1.50px)\" cx=\"50%\" cy=\"50%\" stroke-width=\"3\"\/> <circle r=\"calc(50% - 1.50px)\" cx=\"50%\" cy=\"50%\" stroke=\"#000000\" stroke-width=\"3\" data-progress=\"100\" stroke-dasharray=\"0,10000\"\/> <\/svg> <em style=\"color:#000000\"><svg aria-hidden=\"true\"><use href=\"#tf-fas-male\"><\/use><\/svg><\/em> <\/p>\n<p>CORTE AJUSTADO \u2605\u2605\u2605\u2605<\/p>\n<p><svg> <circle r=\"calc(50% - 1.50px)\" cx=\"50%\" cy=\"50%\" stroke-width=\"3\"\/> <circle r=\"calc(50% - 1.50px)\" cx=\"50%\" cy=\"50%\" stroke=\"#000000\" stroke-width=\"3\" data-progress=\"100\" stroke-dasharray=\"0,10000\"\/> <\/svg> <em style=\"color:#000000\"><svg aria-hidden=\"true\"><use href=\"#tf-fas-compress-alt\"><\/use><\/svg><\/em> <\/p>\n<p>N\u00cdVEL DE COMPRESS\u00c3O \u2605\u2605<\/p>\n<h1 style=\"text-align: center;\">Material \ud83d\udc56<\/h1>\n<p style=\"text-align: left;\">Frente do casaco: nylon 73%, elastano 27%<\/p>\n<p style=\"text-align: left;\">Costas do casaco: poli\u00e9ster 100%<\/p>\n<p style=\"text-align: left;\">Membrana: poliuretano 100%<\/p>\n<p style=\"text-align: left;\">Utiliza\u00e7\u00e3o de -5\u00b0C a 5\u00b0C<\/p>\n<p><img decoding=\"async\" src=\"https:\/\/infinitri.be\/wp-content\/uploads\/2023\/02\/S3-Cycling-Jacket_0039_Orange_4f_v2-4636492_750x-545x545.webp\" width=\"545\" height=\"545\" title=\"S3-Cycling-Jacket_0039_Orange_4f_v2-4636492_750x\" alt=\"S3-Cycling-Jacket_0039_Orange_4f_v2-4636492_750x\" srcset=\"https:\/\/infinitri.be\/wp-content\/uploads\/2023\/02\/S3-Cycling-Jacket_0039_Orange_4f_v2-4636492_750x-545x545.webp 545w, https:\/\/infinitri.be\/wp-content\/uploads\/2023\/02\/S3-Cycling-Jacket_0039_Orange_4f_v2-4636492_750x-300x300.webp 300w, https:\/\/infinitri.be\/wp-content\/uploads\/2023\/02\/S3-Cycling-Jacket_0039_Orange_4f_v2-4636492_750x-100x100.webp 100w, https:\/\/infinitri.be\/wp-content\/uploads\/2023\/02\/S3-Cycling-Jacket_0039_Orange_4f_v2-4636492_750x-2x3.webp 2w, https:\/\/infinitri.be\/wp-content\/uploads\/2023\/02\/S3-Cycling-Jacket_0039_Orange_4f_v2-4636492_750x-150x150.webp 150w\" sizes=\"(max-width: 545px) 100vw, 545px\" \/><br \/>\n<img decoding=\"async\" src=\"https:\/\/infinitri.be\/wp-content\/uploads\/2023\/02\/S3-Cycling-Jacket_0039_Black_8d_V3-4827364_750x-545x545.webp\" width=\"545\" height=\"545\" title=\"S3-Cycling-Jacket_0039_Black_8d_V3-4827364_750x\" alt=\"S3-Cycling-Jacket_0039_Black_8d_V3-4827364_750x\" srcset=\"https:\/\/infinitri.be\/wp-content\/uploads\/2023\/02\/S3-Cycling-Jacket_0039_Black_8d_V3-4827364_750x-545x545.webp 545w, https:\/\/infinitri.be\/wp-content\/uploads\/2023\/02\/S3-Cycling-Jacket_0039_Black_8d_V3-4827364_750x-300x300.webp 300w, https:\/\/infinitri.be\/wp-content\/uploads\/2023\/02\/S3-Cycling-Jacket_0039_Black_8d_V3-4827364_750x-100x100.webp 100w, https:\/\/infinitri.be\/wp-content\/uploads\/2023\/02\/S3-Cycling-Jacket_0039_Black_8d_V3-4827364_750x-2x3.webp 2w, https:\/\/infinitri.be\/wp-content\/uploads\/2023\/02\/S3-Cycling-Jacket_0039_Black_8d_V3-4827364_750x-150x150.webp 150w, https:\/\/infinitri.be\/wp-content\/uploads\/2023\/02\/S3-Cycling-Jacket_0039_Black_8d_V3-4827364_750x-600x600.webp 600w, https:\/\/infinitri.be\/wp-content\/uploads\/2023\/02\/S3-Cycling-Jacket_0039_Black_8d_V3-4827364_750x-28x28.webp 28w\" sizes=\"(max-width: 545px) 100vw, 545px\" \/><\/p>\n<h1 style=\"text-align: center;\">Dicas de manuten\u00e7\u00e3o \ud83d\udca1<\/h1>\n<p>Lave-o antes de usar pela primeira vez. Se adicionar um pouco de vinagre na primeira lavagem, a cor permanecer\u00e1 mais clara e durar\u00e1 mais tempo.<\/p>\n<p>Lave a sua roupa desportiva a uma temperatura m\u00e1xima de 40 \u00b0C. N\u00e3o utilize detergente nem alvejante.<\/p>\n<p>A utiliza\u00e7\u00e3o de detergente limitar\u00e1 o transporte da humidade do produto.<\/p>\n<p>Seque a sua roupa desportiva FUSION ao ar livre. N\u00e3o a coloque na m\u00e1quina de secar roupa.<\/p>\n<p>Tenha cuidado com objetos pontiagudos, bordas e tiras de velcro de mochilas, cintos e outros itens que possam esfregar contra o tecido e as costuras da sua roupa. Isso pode rasgar o tecido e as costuras da sua roupa desportiva FUSION.<\/p>\n<h1 style=\"text-align: center;\">Qual \u00e9 o meu tamanho?\u00a0<\/h1>\n<p><img decoding=\"async\" src=\"https:\/\/infinitri.be\/wp-content\/uploads\/2023\/02\/s3-cycling-jacket-size.png\" title=\"s3-tamanho do casaco de ciclismo\" alt=\"s3-cycling-jacket-size\" srcset=\"https:\/\/infinitri.be\/wp-content\/uploads\/2023\/02\/s3-cycling-jacket-size.png 885w, https:\/\/infinitri.be\/wp-content\/uploads\/2023\/02\/s3-cycling-jacket-size-2x1.png 2w, https:\/\/infinitri.be\/wp-content\/uploads\/2023\/02\/s3-cycling-jacket-size-300x150.png 300w, https:\/\/infinitri.be\/wp-content\/uploads\/2023\/02\/s3-cycling-jacket-size-768x384.png 768w\" sizes=\"(max-width: 885px) 100vw, 885px\" \/><br \/>\n<img loading=\"lazy\" decoding=\"async\" src=\"https:\/\/infinitri.be\/wp-content\/uploads\/2023\/01\/fusion-logo-expanded.svg\" width=\"545\" height=\"545\" title=\"fus\u00e3o-logotipo-expandido\" alt=\"fusion-logo-expanded\"><!--\/themify_builder_static--><\/p>","protected":false},"excerpt":{"rendered":"<p>Um casaco de ciclismo quente, protetor e respir\u00e1vel para treinar na primavera, no outono e sobretudo no inverno. <strong>unissex<\/strong>. Um casaco de ciclismo protetor e respir\u00e1vel para treinar em condi\u00e7\u00f5es frias e h\u00famidas na primavera, no outono e sobretudo no inverno. Para homem e mulher.<br \/>\nEste produto \u00e9 um tamanho NORMAL. Escolha o tamanho que utiliza normalmente, mas espere um ajuste relativamente apertado. Se estiver entre tamanhos e pretender um ajuste ligeiramente mais solto, escolha o tamanho seguinte.<\/p>","protected":false},"featured_media":368,"comment_status":"open","ping_status":"closed","template":"","meta":[],"product_brand":[331],"product_cat":[37,38],"product_tag":[],"class_list":{"0":"post-28401","1":"product","2":"type-product","3":"status-publish","4":"has-post-thumbnail","6":"product_brand-fusion","7":"product_cat-cyclisme","8":"product_cat-vestes-et-coupe-vent","9":"zank_product_brands-fusion","10":"nt-post-class","11":"","17":"first","18":"instock","19":"taxable","20":"shipping-taxable","21":"purchasable","22":"product-type-variable"},"_links":{"self":[{"href":"https:\/\/www.infinitri.be\/pt\/wp-json\/wp\/v2\/product\/28401","targetHints":{"allow":["GET"]}}],"collection":[{"href":"https:\/\/www.infinitri.be\/pt\/wp-json\/wp\/v2\/product"}],"about":[{"href":"https:\/\/www.infinitri.be\/pt\/wp-json\/wp\/v2\/types\/product"}],"replies":[{"embeddable":true,"href":"https:\/\/www.infinitri.be\/pt\/wp-json\/wp\/v2\/comments?post=28401"}],"wp:featuredmedia":[{"embeddable":true,"href":"https:\/\/www.infinitri.be\/pt\/wp-json\/wp\/v2\/media\/368"}],"wp:attachment":[{"href":"https:\/\/www.infinitri.be\/pt\/wp-json\/wp\/v2\/media?parent=28401"}],"wp:term":[{"taxonomy":"product_brand","embeddable":true,"href":"https:\/\/www.infinitri.be\/pt\/wp-json\/wp\/v2\/product_brand?post=28401"},{"taxonomy":"product_cat","embeddable":true,"href":"https:\/\/www.infinitri.be\/pt\/wp-json\/wp\/v2\/product_cat?post=28401"},{"taxonomy":"product_tag","embeddable":true,"href":"https:\/\/www.infinitri.be\/pt\/wp-json\/wp\/v2\/product_tag?post=28401"}],"curies":[{"name":"wp","href":"https:\/\/api.w.org\/{rel}","templated":true}]}}