{"id":29454,"date":"2025-12-25T17:18:43","date_gmt":"2025-12-25T17:18:43","guid":{"rendered":"https:\/\/www.infinitri.be\/?post_type=product&#038;p=29454"},"modified":"2026-04-04T17:35:07","modified_gmt":"2026-04-04T16:35:07","slug":"huub-eternal-veste-thermique-hiver-homme","status":"publish","type":"product","link":"https:\/\/www.infinitri.be\/pt\/produto\/huub-eternal-veste-thermique-hiver-homme\/","title":{"rendered":"Huub ETERNAL Casaco t\u00e9rmico de inverno para homem"},"content":{"rendered":"<p><!--themify_builder_static--><\/p>\n<h1 style=\"text-align: center\">Descri\u00e7\u00e3o \u2699<\/h1>\n<p style=\"text-align: left\">Conception simple et \u00e9l\u00e9gante, digne de la gamme Strada. Les fermetures \u00e0 glissi\u00e8re \u00e0 l&#8217;avant permettent de contr\u00f4ler la ventilation. Trois poches arri\u00e8re et une poche lat\u00e9rale zipp\u00e9e permettent de ranger les affaires, avec des d\u00e9tails r\u00e9fl\u00e9chissants pour faciliter la visibilit\u00e9 lors des sorties hivernales.<\/p>\n<p><img fetchpriority=\"high\" decoding=\"async\" src=\"https:\/\/infinitri.be\/wp-content\/uploads\/2023\/04\/STRADALSPACK01-15-840x1024-545x545.webp\" width=\"545\" height=\"545\" title=\"STRADALSPACK01-15\" alt=\"STRADALSPACK01-15\" \/><\/p>\n<h1>Especifica\u00e7\u00f5es t\u00e9cnicas<\/h1>\n<p>&#8211; Enti\u00e8rement coupe-vent.<br \/>\n&#8211; Rabat d&#8217;\u00e9tanch\u00e9it\u00e9 \u00e0 l&#8217;arri\u00e8re.<br \/>\n&#8211; Ventilations zipp\u00e9es sur le devant.<br \/>\n&#8211; Tissu r\u00e9sistant \u00e0 l&#8217;eau et hautement respirant.<br \/>\n&#8211; Coupe pr\u00e8s du corps pour plus de confort.<br \/>\n&#8211; Trois poches arri\u00e8re r\u00e9fl\u00e9chissantes<br \/>\n&#8211; Plage de temp\u00e9rature recommand\u00e9e : -2\u00b0 \u00e0 13\u00b0C.<\/p>\n<p>    <em style=\"color:#000000\"><\/em>PROTEC\u00c7\u00c3O CONTRA O VENTO<\/p>\n<p>    <em style=\"color:#000000\"><\/em>PROTECTION CONTRE L&#8217;EAU<\/p>\n<p>    <em style=\"color:#000000\"><\/em>POUR UNE UTILISATION DE -2 \u00e0 13\u00b0C<\/p>\n<p>    <em style=\"color:#000000\"><\/em>TROIS POCHES ARRI\u00c8RES<\/p>\n<h1 style=\"text-align: center\">Qual \u00e9 o meu tamanho?<\/h1>\n<p><img decoding=\"async\" src=\"https:\/\/infinitri.be\/wp-content\/uploads\/2023\/04\/strade-jacket-size.png\" title=\"strade jacket size\" alt=\"strade jacket size\" \/><br \/>\n<img decoding=\"async\" src=\"https:\/\/infinitri.be\/wp-content\/uploads\/2023\/04\/ambiance-huub-1024x725-545x545.png\" width=\"545\" height=\"545\" title=\"atmosfera huub\" alt=\"ambiance huub\" \/><!--\/themify_builder_static--><\/p>","protected":false},"excerpt":{"rendered":"<p>La veste HUUB Peaks combine la libert\u00e9 d&#8217;un maillot avec la protection que vous attendez d&#8217;une veste d&#8217;hiver con\u00e7ue pour les journ\u00e9es les plus froides sur le v\u00e9lo. Un tissu r\u00e9sistant \u00e0 l&#8217;eau, enti\u00e8rement coupe-vent et respirant est utilis\u00e9 pour assurer le confort tout au long de la journ\u00e9e, dans les conditions les plus froides.<\/p>","protected":false},"featured_media":29517,"comment_status":"open","ping_status":"closed","template":"","meta":[],"product_brand":[286],"product_cat":[37,15,141,38],"product_tag":[],"class_list":{"0":"post-29454","1":"product","2":"type-product","3":"status-publish","4":"has-post-thumbnail","6":"product_brand-huub","7":"product_cat-cyclisme","8":"product_cat-non-classe","9":"product_cat-outlet","10":"product_cat-vestes-et-coupe-vent","11":"zank_product_brands-huub","12":"nt-post-class","13":"","19":"first","20":"instock","21":"sale","22":"taxable","23":"shipping-taxable","24":"purchasable","25":"product-type-variable"},"_links":{"self":[{"href":"https:\/\/www.infinitri.be\/pt\/wp-json\/wp\/v2\/product\/29454","targetHints":{"allow":["GET"]}}],"collection":[{"href":"https:\/\/www.infinitri.be\/pt\/wp-json\/wp\/v2\/product"}],"about":[{"href":"https:\/\/www.infinitri.be\/pt\/wp-json\/wp\/v2\/types\/product"}],"replies":[{"embeddable":true,"href":"https:\/\/www.infinitri.be\/pt\/wp-json\/wp\/v2\/comments?post=29454"}],"wp:featuredmedia":[{"embeddable":true,"href":"https:\/\/www.infinitri.be\/pt\/wp-json\/wp\/v2\/media\/29517"}],"wp:attachment":[{"href":"https:\/\/www.infinitri.be\/pt\/wp-json\/wp\/v2\/media?parent=29454"}],"wp:term":[{"taxonomy":"product_brand","embeddable":true,"href":"https:\/\/www.infinitri.be\/pt\/wp-json\/wp\/v2\/product_brand?post=29454"},{"taxonomy":"product_cat","embeddable":true,"href":"https:\/\/www.infinitri.be\/pt\/wp-json\/wp\/v2\/product_cat?post=29454"},{"taxonomy":"product_tag","embeddable":true,"href":"https:\/\/www.infinitri.be\/pt\/wp-json\/wp\/v2\/product_tag?post=29454"}],"curies":[{"name":"wp","href":"https:\/\/api.w.org\/{rel}","templated":true}]}}